{"id":1013,"date":"2022-11-10T13:24:23","date_gmt":"2022-11-10T13:24:23","guid":{"rendered":"https:\/\/provi.3sadworksdemo.com\/wp\/?page_id=1013"},"modified":"2022-11-14T13:42:24","modified_gmt":"2022-11-14T13:42:24","slug":"kisisel-veri-saklama-ve-imha-polikitasi","status":"publish","type":"page","link":"https:\/\/proviyumurta.com.tr\/en\/kvkk\/kisisel-veri-saklama-ve-imha-polikitasi\/","title":{"rendered":"Ki\u015fisel Veri Saklama ve \u0130mha Politikas\u0131"},"content":{"rendered":"<div data-elementor-type=\"wp-page\" data-elementor-id=\"1013\" class=\"elementor elementor-1013\">\n\t\t\t\t\t\t\t\t\t<section class=\"elementor-section elementor-top-section elementor-element elementor-element-2d111707 ct-section-stretched elementor-section-full_width elementor-section-height-default elementor-section-height-default\" data-id=\"2d111707\" data-element_type=\"section\" data-settings=\"{&quot;background_background&quot;:&quot;classic&quot;}\">\n\t\t\t\t\t\t<div class=\"elementor-container elementor-column-gap-no\">\n\t\t\t\t\t<div class=\"elementor-column elementor-col-100 elementor-top-column elementor-element elementor-element-4c2fc340\" data-id=\"4c2fc340\" data-element_type=\"column\">\n\t\t\t<div class=\"elementor-widget-wrap elementor-element-populated\">\n\t\t\t\t\t\t\t\t<div class=\"elementor-element elementor-element-7ce92546 elementor-widget elementor-widget-spacer\" data-id=\"7ce92546\" data-element_type=\"widget\" data-widget_type=\"spacer.default\">\n\t\t\t\t<div class=\"elementor-widget-container\">\n\t\t\t<style>\/*! elementor - v3.8.1 - 13-11-2022 *\/\n.elementor-column .elementor-spacer-inner{height:var(--spacer-size)}.e-con{--container-widget-width:100%}.e-con-inner>.elementor-widget-spacer,.e-con>.elementor-widget-spacer{width:var(--container-widget-width,var(--spacer-size));-ms-flex-item-align:stretch;align-self:stretch;-ms-flex-negative:0;flex-shrink:0}.e-con-inner>.elementor-widget-spacer>.elementor-widget-container,.e-con-inner>.elementor-widget-spacer>.elementor-widget-container>.elementor-spacer,.e-con>.elementor-widget-spacer>.elementor-widget-container,.e-con>.elementor-widget-spacer>.elementor-widget-container>.elementor-spacer{height:100%}.e-con-inner>.elementor-widget-spacer>.elementor-widget-container>.elementor-spacer>.elementor-spacer-inner,.e-con>.elementor-widget-spacer>.elementor-widget-container>.elementor-spacer>.elementor-spacer-inner{height:var(--container-widget-height,var(--spacer-size))}<\/style>\t\t<div class=\"elementor-spacer\">\n\t\t\t<div class=\"elementor-spacer-inner\"><\/div>\n\t\t<\/div>\n\t\t\t\t<\/div>\n\t\t\t\t<\/div>\n\t\t\t\t\t<\/div>\n\t\t<\/div>\n\t\t\t\t\t\t\t<\/div>\n\t\t<\/section>\n\t\t\t\t<section class=\"elementor-section elementor-top-section elementor-element elementor-element-474b3bd1 elementor-section-boxed elementor-section-height-default elementor-section-height-default\" data-id=\"474b3bd1\" data-element_type=\"section\">\n\t\t\t\t\t\t<div class=\"elementor-container elementor-column-gap-default\">\n\t\t\t\t\t<div class=\"elementor-column elementor-col-33 elementor-top-column elementor-element elementor-element-2e8f2765\" data-id=\"2e8f2765\" data-element_type=\"column\">\n\t\t\t<div class=\"elementor-widget-wrap elementor-element-populated\">\n\t\t\t\t\t\t\t\t<div class=\"elementor-element elementor-element-7fe9554d elementor-widget elementor-widget-heading\" data-id=\"7fe9554d\" data-element_type=\"widget\" data-widget_type=\"heading.default\">\n\t\t\t\t<div class=\"elementor-widget-container\">\n\t\t\t<style>\/*! elementor - v3.8.1 - 13-11-2022 *\/\n.elementor-heading-title{padding:0;margin:0;line-height:1}.elementor-widget-heading .elementor-heading-title[class*=elementor-size-]>a{color:inherit;font-size:inherit;line-height:inherit}.elementor-widget-heading .elementor-heading-title.elementor-size-small{font-size:15px}.elementor-widget-heading .elementor-heading-title.elementor-size-medium{font-size:19px}.elementor-widget-heading .elementor-heading-title.elementor-size-large{font-size:29px}.elementor-widget-heading .elementor-heading-title.elementor-size-xl{font-size:39px}.elementor-widget-heading .elementor-heading-title.elementor-size-xxl{font-size:59px}<\/style><h2 class=\"elementor-heading-title elementor-size-default\"><span style=\"color: var(--heading-color, var(--heading-2-color, var(--headings-color))); background-color: var(--theme-palette-color-8);\">Privacy Policy<\/span><br><\/h2>\t\t<\/div>\n\t\t\t\t<\/div>\n\t\t\t\t<div class=\"elementor-element elementor-element-6617f0e1 breadim elementor-widget elementor-widget-wp-widget-bcn_widget\" data-id=\"6617f0e1\" data-element_type=\"widget\" data-widget_type=\"wp-widget-bcn_widget.default\">\n\t\t\t\t<div class=\"elementor-widget-container\">\n\t\t\t<div class=\"breadcrumbs\" vocab=\"https:\/\/schema.org\/\" typeof=\"BreadcrumbList\"><!-- Breadcrumb NavXT 7.1.0 -->\n<span property=\"itemListElement\" typeof=\"ListItem\"><a property=\"item\" typeof=\"WebPage\" title=\"Go to Provi.\" href=\"https:\/\/proviyumurta.com.tr\/en\" class=\"home\" aria-current=\"page\"><span property=\"name\">Homepage<\/span><\/a><meta property=\"position\" content=\"1\"><\/span><\/div>\t\t<\/div>\n\t\t\t\t<\/div>\n\t\t\t\t<div class=\"elementor-element elementor-element-ab6a51b pasif elementor-widget elementor-widget-text-editor\" data-id=\"ab6a51b\" data-element_type=\"widget\" data-widget_type=\"text-editor.default\">\n\t\t\t\t<div class=\"elementor-widget-container\">\n\t\t\t<style>\/*! elementor - v3.8.1 - 13-11-2022 *\/\n.elementor-widget-text-editor.elementor-drop-cap-view-stacked .elementor-drop-cap{background-color:#818a91;color:#fff}.elementor-widget-text-editor.elementor-drop-cap-view-framed .elementor-drop-cap{color:#818a91;border:3px solid;background-color:transparent}.elementor-widget-text-editor:not(.elementor-drop-cap-view-default) .elementor-drop-cap{margin-top:8px}.elementor-widget-text-editor:not(.elementor-drop-cap-view-default) .elementor-drop-cap-letter{width:1em;height:1em}.elementor-widget-text-editor .elementor-drop-cap{float:left;text-align:center;line-height:1;font-size:50px}.elementor-widget-text-editor .elementor-drop-cap-letter{display:inline-block}<\/style>\t\t\t\t<a href=\"https:\/\/proviyumurta.com.tr\/en\/kvkk-bilgilendirme-metni\/\">Ki\u015fisel Verilerin Korunmas\u0131 ve \u0130\u015flenmesi Bilgilendirme Metni<\/a>\t\t\t\t\t\t<\/div>\n\t\t\t\t<\/div>\n\t\t\t\t<div class=\"elementor-element elementor-element-bedf50f pasif elementor-widget elementor-widget-text-editor\" data-id=\"bedf50f\" data-element_type=\"widget\" data-widget_type=\"text-editor.default\">\n\t\t\t\t<div class=\"elementor-widget-container\">\n\t\t\t\t\t\t\t<p><a href=\"https:\/\/proviyumurta.com.tr\/en\/kvkk\/kvkk-islenmesi-ve-korunmasi-politikasi\/\">Ki\u015fisel Verilerin \u0130\u015flenmesi ve Korunmas\u0131 Politikas\u0131<\/a><\/p>\t\t\t\t\t\t<\/div>\n\t\t\t\t<\/div>\n\t\t\t\t<div class=\"elementor-element elementor-element-7f2dbca menum elementor-widget elementor-widget-text-editor\" data-id=\"7f2dbca\" data-element_type=\"widget\" data-widget_type=\"text-editor.default\">\n\t\t\t\t<div class=\"elementor-widget-container\">\n\t\t\t\t\t\t\t<p><a href=\"https:\/\/proviyumurta.com.tr\/en\/kvkk\/kisisel-veri-saklama-ve-imha-polikitasi\/\">Ki\u015fisel Veri Saklama ve \u0130mha Politikas\u0131<\/a><\/p>\t\t\t\t\t\t<\/div>\n\t\t\t\t<\/div>\n\t\t\t\t<div class=\"elementor-element elementor-element-bf63496 pasif elementor-widget elementor-widget-text-editor\" data-id=\"bf63496\" data-element_type=\"widget\" data-widget_type=\"text-editor.default\">\n\t\t\t\t<div class=\"elementor-widget-container\">\n\t\t\t\t\t\t\t<a href=\"https:\/\/proviyumurta.com.tr\/en\/kvkk-basvuru-formu\/\">KVKK Ba\u015fvuru Formu<\/a>\t\t\t\t\t\t<\/div>\n\t\t\t\t<\/div>\n\t\t\t\t\t<\/div>\n\t\t<\/div>\n\t\t\t\t<div class=\"elementor-column elementor-col-66 elementor-top-column elementor-element elementor-element-26c9e5a3\" data-id=\"26c9e5a3\" data-element_type=\"column\">\n\t\t\t<div class=\"elementor-widget-wrap elementor-element-populated\">\n\t\t\t\t\t\t\t\t<div class=\"elementor-element elementor-element-84bcb44 elementor-widget elementor-widget-image\" data-id=\"84bcb44\" data-element_type=\"widget\" data-widget_type=\"image.default\">\n\t\t\t\t<div class=\"elementor-widget-container\">\n\t\t\t<style>\/*! elementor - v3.8.1 - 13-11-2022 *\/\n.elementor-widget-image{text-align:center}.elementor-widget-image a{display:inline-block}.elementor-widget-image a img[src$=\".svg\"]{width:48px}.elementor-widget-image img{vertical-align:middle;display:inline-block}<\/style>\t\t\t\t\t\t\t\t\t\t\t\t<img loading=\"lazy\" decoding=\"async\" width=\"694\" height=\"303\" src=\"https:\/\/proviyumurta.com.tr\/wp-content\/uploads\/2022\/09\/Mask-group-1.png\" class=\"attachment-full size-full\" alt=\"\" srcset=\"https:\/\/proviyumurta.com.tr\/wp-content\/uploads\/2022\/09\/Mask-group-1.png 694w, https:\/\/proviyumurta.com.tr\/wp-content\/uploads\/2022\/09\/Mask-group-1-300x131.png 300w\" sizes=\"auto, (max-width: 694px) 100vw, 694px\" \/>\t\t\t\t\t\t\t\t\t\t\t\t\t\t\t<\/div>\n\t\t\t\t<\/div>\n\t\t\t\t<div class=\"elementor-element elementor-element-387883be elementor-widget elementor-widget-text-editor\" data-id=\"387883be\" data-element_type=\"widget\" data-widget_type=\"text-editor.default\">\n\t\t\t\t<div class=\"elementor-widget-container\">\n\t\t\t\t\t\t\t<p><strong>K\u0130\u015e\u0130SEL VER\u0130 SAKLAMA VE \u0130MHA POL\u0130T\u0130KASI<\/strong><\/p><ol><li><u> B\u00d6L\u00dcM: SAKLAMA VE \u0130MHA POL\u0130T\u0130KASI&#8217;NIN N\u0130TEL\u0130\u011e\u0130 VE AMACI<\/u><\/li><\/ol><p>1.1. G\u0130R\u0130\u015e<\/p><p>\u0130\u015fbu \u201cKi\u015fisel Veri Saklama ve \u0130mha Politikas\u0131\u201d, <strong>PROMAR GIDA SANAY\u0130 VE T\u0130CARET A.\u015e (PROMAR GIDA) <\/strong>taraf\u0131ndan ger\u00e7ekle\u015ftirilmekte olan saklama ve imha faaliyetlerine ili\u015fkin i\u015f ve i\u015flemler konusunda usul ve esaslar\u0131 belirlemem amac\u0131yla haz\u0131rlanm\u0131\u015ft\u0131r.<\/p><p><strong>PROMAR GIDA<\/strong> \u015firket \u00e7al\u0131\u015fanlar\u0131, \u00e7al\u0131\u015fan adaylar\u0131, m\u00fc\u015fterileri, tedarik\u00e7ileri, hizmet sa\u011flay\u0131c\u0131lar\u0131, ziyaret\u00e7ileri ve herhangi bir nedenle nezdinde ki\u015fisel verisi bulunan di\u011fer \u00fc\u00e7\u00fcnc\u00fc ki\u015filere ait ki\u015fisel verilerin, T.C Anayasas\u0131, uluslar aras\u0131 s\u00f6zle\u015fmeler, 6698 say\u0131l\u0131 Ki\u015fisel Verilerin Korunmas\u0131 Kanunu (Kanun) ve di\u011fer ilgili mevzuata uygun olarak i\u015flenmesini ve ilgili ki\u015filerin haklar\u0131n\u0131 etkin bir \u015fekilde kullanmas\u0131n\u0131n sa\u011flanmas\u0131n\u0131 \u00f6ncelik olarak belirlemi\u015ftir.<\/p><p>Ki\u015fisel verilerin saklanmas\u0131 ve imhas\u0131na ili\u015fkin i\u015f ve i\u015flemler, <strong>PROMAR GIDA<\/strong> taraf\u0131ndan bu do\u011frultuda haz\u0131rlanm\u0131\u015f olan Politikaya uygun olarak ger\u00e7ekle\u015ftirilir.\u00a0 \u00a0<\/p><p>\u00a0<\/p><p>1.2. KAPSAM<\/p><p><strong>PROMAR GIDA<\/strong> \u00e7al\u0131\u015fanlar\u0131, \u00e7al\u0131\u015fan adaylar\u0131, m\u00fc\u015fterileri, tedarik\u00e7ileri, hizmet sa\u011flay\u0131c\u0131lar\u0131, ziyaret\u00e7ileri ve di\u011fer \u00fc\u00e7\u00fcnc\u00fc ki\u015filere ait ki\u015fisel veriler bu Politika kapsam\u0131nda olup, <strong>PROMAR GIDA<\/strong>\u2019n\u0131n sahip oldu\u011fu ya da <strong>PROMAR GIDA<\/strong> taraf\u0131ndan y\u00f6netilen ki\u015fisel verilerin i\u015flendi\u011fi t\u00fcm kay\u0131t ortamlar\u0131 ve ki\u015fisel veri i\u015flenmesine y\u00f6nelik faaliyetlerde bu Politika uygulan\u0131r.<\/p><p>1.3 KISALTMALAR VE TANIMLAR<\/p><p>Do\u011frudan Tan\u0131mlay\u0131c\u0131lar\u00a0\u00a0\u00a0\u00a0\u00a0\u00a0\u00a0 :Tek ba\u015flar\u0131na, ili\u015fki i\u00e7inde olduklar\u0131 ki\u015fiyi do\u011frudan a\u00e7\u0131\u011fa\u00a0\u00a0\u00a0\u00a0 \u00e7\u0131karan, if\u015fa eden ve ay\u0131rt edilebilir k\u0131lan tan\u0131mlay\u0131c\u0131lar\u0131,<\/p><p>Dolayl\u0131 Tan\u0131mlay\u0131c\u0131lar\u00a0\u00a0\u00a0\u00a0\u00a0\u00a0\u00a0\u00a0\u00a0\u00a0\u00a0 :Di\u011fer tan\u0131mlay\u0131c\u0131lar ile bir araya gelerek ili\u015fki i\u00e7inde olduklar\u0131\u00a0\u00a0 ki\u015fiyi a\u00e7\u0131\u011fa \u00e7\u0131karan, if\u015fa eden ve ay\u0131rt edilebilir k\u0131lan tan\u0131mlay\u0131c\u0131lar\u0131,<\/p><p>\u0130lgili Ki\u015fi\u00a0\u00a0\u00a0\u00a0\u00a0\u00a0\u00a0\u00a0\u00a0\u00a0\u00a0\u00a0\u00a0\u00a0\u00a0\u00a0\u00a0\u00a0\u00a0\u00a0\u00a0\u00a0\u00a0\u00a0\u00a0\u00a0\u00a0\u00a0\u00a0\u00a0\u00a0 :Ki\u015fisel verisi i\u015flenen ger\u00e7ek ki\u015fiyi,<\/p><p>\u0130mha\u00a0\u00a0\u00a0\u00a0\u00a0\u00a0\u00a0\u00a0\u00a0\u00a0\u00a0\u00a0\u00a0\u00a0\u00a0\u00a0\u00a0\u00a0\u00a0\u00a0\u00a0\u00a0\u00a0\u00a0\u00a0\u00a0\u00a0\u00a0\u00a0\u00a0\u00a0\u00a0\u00a0\u00a0\u00a0\u00a0\u00a0\u00a0 :Ki\u015fisel verilerin silinmesi, yok edilmesi veya anonim hale\u00a0\u00a0\u00a0 getirilmesini,<\/p><p>Kanun\u00a0\u00a0\u00a0\u00a0\u00a0\u00a0\u00a0\u00a0\u00a0\u00a0\u00a0\u00a0\u00a0\u00a0\u00a0\u00a0\u00a0\u00a0\u00a0\u00a0\u00a0\u00a0\u00a0\u00a0\u00a0\u00a0\u00a0\u00a0\u00a0\u00a0\u00a0\u00a0\u00a0\u00a0\u00a0\u00a0 :07.04.2016 tarih ve 29677 say\u0131l\u0131 Resmi Gazetede yay\u0131mlanan 6698 say\u0131l\u0131 Ki\u015fisel Verilerin Korunmas\u0131 Kanununu,<\/p><p>Y\u00f6netmelik\u00a0\u00a0\u00a0\u00a0\u00a0\u00a0\u00a0\u00a0\u00a0\u00a0\u00a0\u00a0\u00a0\u00a0\u00a0\u00a0\u00a0\u00a0\u00a0\u00a0\u00a0\u00a0\u00a0\u00a0\u00a0\u00a0\u00a0\u00a0 :28.10.2017 tarihli ve 30224 say\u0131l\u0131 Resmi Gazetede yay\u0131mlanan Ki\u015fisel Verilerin Silinmesi, Yok Edilmesi veya Anonim Hale Getirilmesi Hakk\u0131nda Y\u00f6netmeli\u011fini,<\/p><p>Kurul\u00a0\u00a0\u00a0\u00a0\u00a0\u00a0\u00a0\u00a0\u00a0\u00a0\u00a0\u00a0\u00a0\u00a0\u00a0\u00a0\u00a0\u00a0\u00a0\u00a0\u00a0\u00a0\u00a0\u00a0\u00a0\u00a0\u00a0\u00a0\u00a0\u00a0\u00a0\u00a0\u00a0\u00a0\u00a0\u00a0\u00a0 : Ki\u015fisel Verileri Koruma Kurulunu,<\/p><p>Kay\u0131t Ortam\u0131\u00a0\u00a0\u00a0\u00a0\u00a0\u00a0\u00a0\u00a0\u00a0\u00a0\u00a0\u00a0\u00a0\u00a0\u00a0\u00a0\u00a0\u00a0\u00a0\u00a0\u00a0\u00a0\u00a0\u00a0\u00a0 :Tamamen veya k\u0131smen otomatik olan ya da herhangi bir veri kay\u0131t sisteminin par\u00e7as\u0131 olmak kayd\u0131yla otomatik olmayan yollarla i\u015flenen ki\u015fisel verilerin bulundu\u011fu her t\u00fcrl\u00fc ortam\u0131,<\/p><p><strong>Ki\u015fisel Verilerin \u0130\u015flenmesi <\/strong><\/p><p><strong>ve Korunmas\u0131 Politikas\u0131\u00a0\u00a0\u00a0\u00a0\u00a0\u00a0 : <\/strong><a href=\"http:\/\/www.promargida.com.tr\">www.promargida.com.tr<\/a><strong> ve <\/strong><a href=\"https:\/\/proviyumurta.com.tr\/en\/\">www.proviyumurta.com.tr<\/a> \u00a0adreslerinden ula\u015f\u0131labilecek, <strong>PROMAR GIDA<\/strong> elinde bulunan ki\u015fisel verilerin y\u00f6netilmesine ili\u015fkin usul ve esaslar\u0131 belirleyen politikay\u0131,<\/p><p>Veri Kay\u0131t Sistemi\u00a0\u00a0\u00a0\u00a0\u00a0\u00a0\u00a0\u00a0\u00a0\u00a0\u00a0\u00a0\u00a0\u00a0\u00a0\u00a0\u00a0 :Ki\u015fisel verilerin belirli kriterlere g\u00f6re yap\u0131land\u0131r\u0131larak i\u015flendi\u011fi kay\u0131t sistemini,<\/p><p>Al\u0131c\u0131 Grubu\u00a0\u00a0\u00a0\u00a0\u00a0\u00a0\u00a0\u00a0\u00a0\u00a0\u00a0\u00a0\u00a0\u00a0\u00a0\u00a0\u00a0\u00a0\u00a0\u00a0\u00a0\u00a0\u00a0\u00a0\u00a0\u00a0\u00a0 : Veri sorumlusu taraf\u0131ndan ki\u015fisel verilerin aktar\u0131ld\u0131\u011f\u0131 ger\u00e7ek veya t\u00fczel ki\u015fi kategorisini,<\/p><p>A\u00e7\u0131k R\u0131za\u00a0\u00a0\u00a0\u00a0\u00a0\u00a0\u00a0\u00a0\u00a0\u00a0\u00a0\u00a0\u00a0\u00a0\u00a0\u00a0\u00a0\u00a0\u00a0\u00a0\u00a0\u00a0\u00a0\u00a0\u00a0\u00a0\u00a0\u00a0\u00a0\u00a0 : Belirli bir konuya ili\u015fkin, bilgilendirmeye dayanan ve \u00f6zg\u00fcr iradeyle a\u00e7\u0131klanan r\u0131zay\u0131,<\/p><p>Anonim Hale Getirme\u00a0\u00a0\u00a0\u00a0\u00a0\u00a0\u00a0\u00a0\u00a0\u00a0\u00a0 : Ki\u015fisel verilerin ba\u015fka verilerle e\u015fle\u015ftirilerek dahi hi\u00e7bir surette kimli\u011fi belirli veya belirlenebilir bir ger\u00e7ek ki\u015fiyle ili\u015fkilendirilemeyecek hale getirilmesini,<\/p><p>\u00c7al\u0131\u015fan\u00a0\u00a0\u00a0\u00a0\u00a0\u00a0\u00a0\u00a0\u00a0\u00a0\u00a0\u00a0\u00a0\u00a0\u00a0\u00a0\u00a0\u00a0\u00a0\u00a0\u00a0\u00a0\u00a0\u00a0\u00a0\u00a0\u00a0\u00a0\u00a0\u00a0\u00a0\u00a0\u00a0\u00a0\u00a0 : <strong>PROMAR GIDA<\/strong> personelini,<\/p><p>Elektronik Ortam\u00a0\u00a0\u00a0\u00a0\u00a0\u00a0\u00a0\u00a0\u00a0\u00a0\u00a0\u00a0\u00a0\u00a0\u00a0\u00a0\u00a0\u00a0 : Ki\u015fisel verilerin elektronik ayg\u0131tlar ile olu\u015fturulabildi\u011fi, okunabildi\u011fi, de\u011fi\u015ftirilebildi\u011fi ve yaz\u0131labildi\u011fi ortamlar\u0131,<\/p><p>Elektronik Olmayan Ortam\u00a0\u00a0\u00a0 : Elektronik ortamlar\u0131n d\u0131\u015f\u0131nda kalan t\u00fcm yaz\u0131l\u0131, bas\u0131l\u0131, g\u00f6rsel vb. di\u011fer ortamlar\u0131,<\/p><p>Hizmet Sa\u011flay\u0131c\u0131\u00a0\u00a0\u00a0\u00a0\u00a0\u00a0\u00a0\u00a0\u00a0\u00a0\u00a0\u00a0\u00a0\u00a0\u00a0\u00a0\u00a0\u00a0\u00a0 : <strong>PROMAR GIDA<\/strong> ile belirli bir s\u00f6zle\u015fme \u00e7er\u00e7evesinde hizmet sa\u011flayan ger\u00e7ek veya t\u00fczel ki\u015fiyi,<\/p><p>\u0130lgili Kullan\u0131c\u0131\u00a0\u00a0\u00a0\u00a0\u00a0\u00a0\u00a0\u00a0\u00a0\u00a0\u00a0\u00a0\u00a0\u00a0\u00a0\u00a0\u00a0\u00a0\u00a0\u00a0\u00a0\u00a0\u00a0 :Verilerin teknik olarak depolanmas\u0131, korunmas\u0131 ve yedeklenmesinden sorumlu olan ki\u015fi ya da birim hari\u00e7 olmak \u00fczere veri sorumlusu organizasyonu i\u00e7erisinde veya veri sorumlusundan ald\u0131\u011f\u0131 yetki ve talimat do\u011frultusunda ki\u015fisel verileri i\u015fleyen ki\u015fileri,<\/p><p>Ki\u015fisel Veri\u00a0\u00a0\u00a0\u00a0\u00a0\u00a0\u00a0\u00a0\u00a0\u00a0\u00a0\u00a0\u00a0\u00a0\u00a0\u00a0\u00a0\u00a0\u00a0\u00a0\u00a0\u00a0\u00a0\u00a0\u00a0\u00a0\u00a0 : Kimli\u011fi belirli veya belirlenebilir ger\u00e7ek ki\u015fiye ili\u015fkin her t\u00fcrl\u00fc bilgiyi,<\/p><p>Ki\u015fisel Veri \u0130\u015fleme<\/p><p>Envanteri\u00a0\u00a0\u00a0\u00a0\u00a0\u00a0\u00a0\u00a0\u00a0\u00a0\u00a0\u00a0\u00a0\u00a0\u00a0\u00a0\u00a0\u00a0\u00a0\u00a0\u00a0\u00a0\u00a0\u00a0\u00a0\u00a0\u00a0\u00a0\u00a0\u00a0\u00a0 :Veri sorumlular\u0131n\u0131n i\u015f s\u00fcre\u00e7lerine ba\u011fl\u0131 olarak ger\u00e7ekle\u015ftirmekte olduklar\u0131 \u00a0ki\u015fisel verileri i\u015fleme faaliyetlerini; ki\u015fisel verileri i\u015fleme ama\u00e7lar\u0131, veri kategorisi, aktar\u0131lan al\u0131c\u0131 grubu ve veri konusu ki\u015fi grubuyla ili\u015fkilendirerek olu\u015fturduklar\u0131 ve ki\u015fisel verilerin i\u015flendikleri ama\u00e7lar i\u00e7in gerekli olan azami s\u00fcreyi, yabanc\u0131 \u00fclkelere aktar\u0131m\u0131 \u00f6ng\u00f6r\u00fclen ki\u015fisel verileri ve veri g\u00fcvenli\u011fine ili\u015fkin al\u0131nan tedbirleri a\u00e7\u0131klayarak detayland\u0131rd\u0131klar\u0131 envanteri,<\/p><p>Ki\u015fisel Verilerin \u0130\u015flenmesi\u00a0\u00a0\u00a0\u00a0 :Ki\u015fisel verilerin tamamen veya k\u0131smen otomatik olan ya da herhangi bir veri kay\u0131t sisteminin par\u00e7as\u0131 olmak kayd\u0131yla otomatik olmayan yollarla elde edilmesi, kaydedilmesi, depolanmas\u0131, saklanmas\u0131, de\u011fi\u015ftirilmesi, yeniden d\u00fczenlenmesi, a\u00e7\u0131klanmas\u0131, aktar\u0131lmas\u0131, devral\u0131nmas\u0131, elde edilebilir hale getirilmesi, s\u0131n\u0131fland\u0131r\u0131lmas\u0131 ya da kullan\u0131lmas\u0131n\u0131n engellenmesi gibi veriler \u00fczerinde ger\u00e7ekle\u015ftirilen her t\u00fcrl\u00fc i\u015flemi,<\/p><p>\u00d6zel Nitelikli Ki\u015fisel Veri\u00a0\u00a0\u00a0\u00a0 :Ki\u015filerin \u0131rk\u0131, etnik k\u00f6keni, siyasi d\u00fc\u015f\u00fcncesi, felsefi inanc\u0131, dini, mezhebi veya di\u011fer inan\u00e7lar\u0131, k\u0131l\u0131k ve k\u0131yafeti, dernek, vak\u0131f ya da sendika \u00fcyeli\u011fi, sa\u011fl\u0131\u011f\u0131, cinsel hayat\u0131, ceza mahkumiyeti ve g\u00fcvenlik tedbirleriyle ilgili verileri ile biyometrik ve genetik verilerini,<\/p><p>Periyodik \u0130mha\u00a0\u00a0\u00a0\u00a0\u00a0\u00a0\u00a0\u00a0\u00a0\u00a0\u00a0\u00a0\u00a0\u00a0\u00a0\u00a0\u00a0\u00a0\u00a0\u00a0\u00a0\u00a0 :Kanunda yer alan ki\u015fisel verilerin i\u015flenme \u015fartlar\u0131n\u0131n tamam\u0131n\u0131n ortadan kalkmas\u0131 durumunda ki\u015fisel verileri saklama ve imha politikas\u0131nda belirlenen ve tekrar eden aral\u0131klarla re\u2019sen ger\u00e7ekle\u015ftirilecek silme, yok etme veya anonim hale getirme i\u015flemini,<\/p><p>Veri \u0130\u015fleyen\u00a0\u00a0\u00a0\u00a0\u00a0\u00a0\u00a0\u00a0\u00a0\u00a0\u00a0\u00a0\u00a0\u00a0\u00a0\u00a0\u00a0\u00a0\u00a0\u00a0\u00a0\u00a0\u00a0\u00a0\u00a0\u00a0\u00a0 :Veri sorumlusunun verdi\u011fi yetkiye dayanarak veri sorumlusu ad\u0131na ki\u015fisel verileri i\u015fleyen ger\u00e7ek veya t\u00fczel ki\u015fiyi,<\/p><p>Veri Sorumlusu\u00a0\u00a0\u00a0\u00a0\u00a0\u00a0\u00a0\u00a0\u00a0\u00a0\u00a0\u00a0\u00a0\u00a0\u00a0\u00a0\u00a0\u00a0\u00a0\u00a0\u00a0 :Ki\u015fisel verilerin i\u015flenme ama\u00e7lar\u0131n\u0131 ve vas\u0131talar\u0131n\u0131 belirleyen, veri kay\u0131t isteminin kurulmas\u0131ndan ve y\u00f6netilmesinden sorumlu olan ger\u00e7ek veya t\u00fczel ki\u015fiyi,<\/p><p>Veri Sorumlular\u0131 Sicil<\/p><p>Bilgi Sistemi\u00a0\u00a0\u00a0\u00a0\u00a0\u00a0\u00a0\u00a0\u00a0\u00a0\u00a0\u00a0\u00a0\u00a0\u00a0\u00a0\u00a0\u00a0\u00a0\u00a0\u00a0\u00a0\u00a0\u00a0\u00a0\u00a0 :Veri sorumlular\u0131n\u0131n Sicile ba\u015fvuruda ve Sicile ili\u015fkin ilgili di\u011fer i\u015flemlerde kullanacaklar\u0131, internet \u00fczerinden eri\u015filebilen, Ba\u015fkanl\u0131k taraf\u0131ndan olu\u015fturulan ve y\u00f6netilen bili\u015fim sistemini,<\/p><p>VERB\u0130S\u00a0\u00a0\u00a0\u00a0\u00a0\u00a0\u00a0\u00a0\u00a0\u00a0\u00a0\u00a0\u00a0\u00a0\u00a0\u00a0\u00a0\u00a0\u00a0\u00a0\u00a0\u00a0\u00a0\u00a0\u00a0\u00a0\u00a0\u00a0\u00a0\u00a0\u00a0\u00a0 : Veri Sorumlular\u0131 Sicil Bilgi Sistemini ifade eder.<\/p><p>\u00a0<\/p><ol start=\"2\"><li><u> B\u00d6L\u00dcM: ORTAMLAR VE G\u00dcVENL\u0130K TEDB\u0130RLER\u0130<\/u><\/li><\/ol><p>2.1. K\u0130\u015e\u0130SEL VER\u0130LER\u0130N SAKLANDI\u011eI ORTAMLAR<\/p><p><strong>PROMAR GIDA<\/strong> nezdinde saklanan ki\u015fisel veriler, ilgili verinin niteli\u011fine ve hukuki y\u00fck\u00fcml\u00fcl\u00fcklerimize uygun bir kay\u0131t ortam\u0131nda tutulur.<\/p><p>Ki\u015fisel verilerin saklanmas\u0131 i\u00e7in kullan\u0131lan kay\u0131t ortamlar\u0131 genel itibariyle a\u015fa\u011f\u0131da say\u0131lanlard\u0131r. Ancak, bir k\u0131s\u0131m veriler sahip olduklar\u0131 \u00f6zel nitelikler ya da hukuki y\u00fck\u00fcml\u00fcl\u00fcklerimiz nedeniyle burada g\u00f6sterilen ortamlardan farkl\u0131 bir ortamda tutulabilir. <strong>PROMAR GIDA<\/strong> her halde veri sorumlusu s\u0131fat\u0131yla hareket etmekte ve Ki\u015fisel Verilerin Korunmas\u0131 \u00a0Kanunu\u2019na, Ki\u015fisel Verilerin \u0130\u015flenmesi ve Korunmas\u0131 Politikas\u0131\u2019na ve i\u015fbu Ki\u015fisel Veri Saklama ve \u0130mha Politikas\u0131\u2019na uygun olarak i\u015flemek ve korumaktad\u0131r.<\/p><p><u>Elektronik Ortamla<\/u>r:<\/p><p>Sunucular (Etki alan\u0131, yedekleme, e-posta, veritaban\u0131, web, dosya payla\u015f\u0131m vb.)<\/p><ul><li>Yaz\u0131l\u0131mlar (Ofis yaz\u0131l\u0131mlar\u0131, portal, VERB\u0130S)<\/li><li>Bilgi g\u00fcvenli\u011fi cihazlar\u0131 (g\u00fcvenlik duvar\u0131, sald\u0131r\u0131 tespit ve engelleme, g\u00fcnl\u00fck kay\u0131t dosyas\u0131, antivir\u00fcs vb)<\/li><li>Ki\u015fisel bilgisayarlar (Masa\u00fcst\u00fc, diz\u00fcst\u00fc)<\/li><li>Mobil cihazlar (Telefon, tablet vb)<\/li><li>Optik diskler (CD, DVD vb)<\/li><li>\u00c7\u0131kart\u0131labilir bellekler (USB, Haf\u0131za Kart vb)<\/li><li>Yaz\u0131c\u0131, taray\u0131c\u0131, fotokopi makinesi.<\/li><\/ul><p><u>Elektronik Olmayan Ortamlar:<\/u><\/p><ul><li>Ka\u011f\u0131t<\/li><li>Manuel veri kay\u0131t sistemleri (anket formlar\u0131, ziyaret\u00e7i giri\u015f defteri vb)<\/li><li>Yaz\u0131l\u0131, bas\u0131l\u0131, g\u00f6rsel ortamlar.<\/li><\/ul><p>\u00a0<\/p><p>\u00a02.2. ORTAMLARIN G\u00dcVENL\u0130\u011e\u0130N\u0130N SA\u011eLANMASI<\/p><p><strong>PROMAR GIDA<\/strong>, ki\u015fisel verilerin g\u00fcvenli bir \u015fekilde saklanmas\u0131 ile hukuka ayk\u0131r\u0131 olarak i\u015flenmesi ve eri\u015filmesinin \u00f6nlenmesi i\u00e7in ilgili ki\u015fisel veri ile tutuldu\u011fu ortam\u0131n niteliklerine uygun olarak gerekli t\u00fcm teknik ve idari tedbirleri almaktad\u0131r.<\/p><p>\u0130\u015fbu tedbirler, bunlarla k\u0131s\u0131tl\u0131 olmamak \u00fczere, ilgili ki\u015fisel verinin ve tutuldu\u011fu ortam\u0131n niteli\u011fine uygun d\u00fc\u015ft\u00fc\u011f\u00fc \u00f6l\u00e7\u00fcde a\u015fa\u011f\u0131daki idari ve teknik tedbirleri kapsar.<\/p><p>2.2.1. Teknik Tedbirler<\/p><p><strong>PROMAR GIDA<\/strong> taraf\u0131ndan, i\u015fledi\u011fi ki\u015fisel verilerle ilgili olarak al\u0131nan teknik tedbirler a\u015fa\u011f\u0131da s\u0131ralanmaktad\u0131r:<\/p><ul><li>Ki\u015fisel verilerin tutuldu\u011fu ortamlarda yaln\u0131zca teknolojik geli\u015fmelere uygun g\u00fcncel ve g\u00fcvenli sistemler kullan\u0131lmaktad\u0131r.<\/li><li>Ki\u015fisel verilerin tutuldu\u011fu ortamlara y\u00f6nelik g\u00fcvenlik sistemleri kullan\u0131lmaktad\u0131r.<\/li><li>Bili\u015fim sistemleri \u00fczerindeki g\u00fcvenlik zafiyetlerinin tespitine y\u00f6nelik g\u00fcvenlik testleri ve ara\u015ft\u0131rmalar\u0131 yap\u0131lmakta, yap\u0131lan test ve ara\u015ft\u0131rmalar\u0131n sonucunda tespit edilen mevcut ya da muhtemel risk te\u015fkil eden hususlar giderilmektedir.<\/li><li>Ki\u015fisel verilerin tutuldu\u011fu ortamlara veriye eri\u015fim k\u0131s\u0131tlanarak yaln\u0131zca yetkili ki\u015filerin, ki\u015fisel verinin saklanma amac\u0131 ile s\u0131n\u0131rl\u0131 olarak bu verilere eri\u015fmesine izin verilmekte ve t\u00fcm eri\u015fimler kay\u0131t alt\u0131na al\u0131nmaktad\u0131r.<\/li><li><strong>PROMAR GIDA<\/strong> b\u00fcnyesinde ki\u015fisel verilerin tutuldu\u011fu ortamlar\u0131n g\u00fcvenli\u011fini sa\u011flamak \u00fczere yeterli teknik personel bulundurmaktad\u0131r.<\/li><\/ul><p>2.2.2. \u0130dari Tedbirler<\/p><p><strong>PROMAR GIDA<\/strong>, ki\u015fisel verilerin sakland\u0131\u011f\u0131 t\u00fcm ortamlar\u0131n ilgili verinin ve verinin tutuldu\u011fu ortam\u0131n niteliklerine uygun olarak a\u015fa\u011f\u0131daki idari tedbirleri almaktad\u0131r:<\/p><ul><li>Ki\u015fisel verilere eri\u015fimi olan t\u00fcm PROMAR GIDA \u00e7al\u0131\u015fanlar\u0131n\u0131n bilgi g\u00fcvenli\u011fi, ki\u015fisel veriler ve \u00f6zel hayat\u0131n gizlili\u011fi konular\u0131nda fark\u0131ndal\u0131klar\u0131n\u0131n art\u0131r\u0131lmas\u0131 ve bilin\u00e7lendirilmesi i\u00e7in \u00e7al\u0131\u015fmalar yap\u0131lmaktad\u0131r.<\/li><\/ul><ul><li>Bilgi g\u00fcvenli\u011fi, \u00f6zel hayat\u0131n gizlili\u011fi ve ki\u015fisel verilerin korunmas\u0131 alan\u0131ndaki geli\u015fmeleri takip etmek ve gerekli aksiyonlar\u0131 almak \u00fczere hukuki ve teknik dan\u0131\u015fmanl\u0131k hizmeti al\u0131nmaktad\u0131r.<\/li><li>Ki\u015fisel verilerin teknik ya da hukuki gereklilikler nedeniyle \u00fc\u00e7\u00fcnc\u00fc ki\u015filere aktar\u0131lmas\u0131 halinde ilgili \u00fc\u00e7\u00fcnc\u00fc ki\u015filerle ki\u015fisel verilerin korunmas\u0131 amac\u0131yla protokoller imzalanmakta, ilgili \u00fc\u00e7\u00fcnc\u00fc ki\u015filerin bu protokollerdeki y\u00fck\u00fcml\u00fcl\u00fcklerine uymas\u0131 i\u00e7in gerekli t\u00fcm \u00f6zen g\u00f6sterilmektedir.<\/li><\/ul><p>2.2.3. \u015eirket \u0130\u00e7i Denetim<\/p><p><strong>PROMAR GIDA<\/strong>, Kanun\u2019un 12\u2019nci maddesi uyar\u0131nca Kanun h\u00fck\u00fcmlerinin ve i\u015fbu Ki\u015fisel Veri Saklama ve \u0130mha Politikas\u0131 ile Ki\u015fisel Verilerin \u0130\u015flenmesi ve Korunmas\u0131 Politikas\u0131 h\u00fck\u00fcmlerinin uygulanmas\u0131na ili\u015fkin \u015firket i\u00e7i denetimler yapmaktad\u0131r.<\/p><p>\u015eirket i\u00e7i denetimler sonucunda bu h\u00fck\u00fcmlerin uygulanmas\u0131na ili\u015fkin eksiklik ya da kusurlar\u0131n tespit edilmesi halinde bu eksiklik ya da kusurlar derhal giderilir.<\/p><p>Denetim s\u0131ras\u0131nda ya da sair bir \u015fekilde <strong>PROMAR GIDA<\/strong> sorumlulu\u011funda bulunan ki\u015fisel verilerin kanuni olmayan yollarla ba\u015fkalar\u0131 taraf\u0131ndan elde edildi\u011finin anla\u015f\u0131lmas\u0131 h\u00e2linde, <strong>PROMAR GIDA<\/strong> \u00a0bu durumu en k\u0131sa s\u00fcrede ilgilisine ve Kurula bildirir.<\/p><p>\u00a0<\/p><ol start=\"3\"><li><u> B\u00d6L\u00dcM: K\u0130\u015e\u0130SEL VER\u0130LER\u0130N \u0130MHASI<\/u><\/li><\/ol><p>3.1. SAKLAMA VE \u0130MHA NEDENLER\u0130<\/p><p>3.1.1. Saklama Nedenleri<\/p><p>Kanunun 3. maddesinde <em>ki\u015fisel verilerin i\u015flenmesi <\/em>kavram\u0131 tan\u0131mlanm\u0131\u015f; 4. maddesinde i\u015flenen ki\u015fisel verinin <em>i\u015flendikleri ama\u00e7la ba\u011flant\u0131l\u0131, s\u0131n\u0131rl\u0131 ve \u00f6l\u00e7\u00fcl\u00fc olmas\u0131 ve ilgili mevzuatta \u00f6ng\u00f6r\u00fclen veya i\u015flendikleri ama\u00e7 i\u00e7in gerekli s\u00fcre kadar muhafaza edilmesi <\/em>gerekti\u011fi belirtilmi\u015f, 5. ve 6. maddelerde ise <em>ki\u015fisel verilerin i\u015fleme \u015fartlar\u0131 <\/em>say\u0131lm\u0131\u015ft\u0131r.<\/p><p>Buna g\u00f6re, <strong>PROMAR GIDA<\/strong> \u00a0faaliyetleri \u00e7er\u00e7evesinde ki\u015fisel veriler, <em>ilgili mevzuatta \u00f6ng\u00f6r\u00fclen veya i\u015fleme ama\u00e7lar\u0131m\u0131za uygun s\u00fcre kadar saklan\u0131r. <\/em><\/p><p><strong>PROMAR GIDA<\/strong> \u00a0b\u00fcnyesinde tutulan ki\u015fisel veriler Kanun ve Ki\u015fisel Veriler Politikam\u0131z (ilgili politikaya \u201cwww.promargida.com.tr\u201d adresinden ula\u015fabilirsiniz) uyar\u0131nca, burada belirtilen ama\u00e7 ve nedenlerle saklanmaktad\u0131r.<\/p><p>3.1.2. \u0130mha Nedenleri<\/p><p>Ki\u015fisel veriler;<\/p><ul><li>\u0130\u015flenmesine esas te\u015fkil eden ilgili mevzuat h\u00fck\u00fcmlerinin de\u011fi\u015ftirilmesi veya ilgas\u0131,<\/li><li>\u0130\u015flenmesini veya saklanmas\u0131n\u0131 gerektiren amac\u0131n ortadan kalkmas\u0131,<\/li><li>Ki\u015fisel verileri i\u015flemenin sadece a\u00e7\u0131k r\u0131za \u015fart\u0131na istinaden ger\u00e7ekle\u015fti\u011fi hallerde, ilgili ki\u015finin a\u00e7\u0131k r\u0131zas\u0131n\u0131 geri almas\u0131,<\/li><li>Kanunun 11. maddesi gere\u011fi ilgili ki\u015finin haklar\u0131 \u00e7er\u00e7evesinde ki\u015fisel verilerinin silinmesi ve yok edilmesine ili\u015fkin yapt\u0131\u011f\u0131 ba\u015fvurunun kabul edilmesi,<\/li><li><strong>PROMAR GIDA<\/strong>\u2019n\u0131n, ilgili ki\u015fi taraf\u0131ndan ki\u015fisel verilerinin silinmesi, yok edilmesi veya anonim hale getirilmesi talebi ile kendisine yap\u0131lan ba\u015fvuruyu reddetmesi, verdi\u011fi cevab\u0131 yetersiz bulmas\u0131 veya Kanunda \u00f6ng\u00f6r\u00fclen s\u00fcre i\u00e7inde cevap vermemesi hallerinde; Kurula \u015fikayette bulunmas\u0131 ve bu talebin Kurul taraf\u0131ndan uygun bulunmas\u0131,<\/li><li>Ki\u015fisel verilerin saklanmas\u0131n\u0131 gerektiren azami s\u00fcrenin ge\u00e7mi\u015f olmas\u0131 ve ki\u015fisel verileri daha uzun s\u00fcre saklamay\u0131 hakl\u0131 k\u0131lacak herhangi bir \u015fart\u0131n mevcut olmamas\u0131, durumlar\u0131nda <strong>PROMAR GIDA<\/strong> taraf\u0131ndan ilgili ki\u015finin talebi \u00fczerine silinir, yok edilir ya da re\u2019sen silinir, yok edilir veya anonim hale getirilir.<\/li><\/ul><p>3.2. \u0130MHA Y\u00d6NTEMLER\u0130<\/p><p>\u0130lgili mevzuatta \u00f6ng\u00f6r\u00fclen s\u00fcre ya da i\u015flendikleri ama\u00e7 i\u00e7in gerekli olan saklama s\u00fcresinin sonunda ki\u015fisel veriler, <strong>PROMAR GIDA<\/strong> \u00a0taraf\u0131ndan re\u2019sen veya ilgili ki\u015finin ba\u015fvurusu \u00fczerine yine ilgili mevzuat h\u00fck\u00fcmlerine uygun olarak a\u015fa\u011f\u0131da belirtilen tekniklerle imha edilir.<\/p><p>3.2.1.1 Silme Y\u00f6ntem\u200bleri<\/p><p>Sunucularda Yer Alan Ki\u015fisel Veriler\u00a0\u00a0\u00a0\u00a0\u00a0\u00a0\u00a0\u00a0\u00a0\u00a0 :Sunucularda yer alan ki\u015fisel verilerden saklanmas\u0131n\u0131 gerektiren s\u00fcre sona erenler i\u00e7in sistem y\u00f6neticisi taraf\u0131ndan ilgili kullan\u0131c\u0131lar\u0131n eri\u015fim yetkisi kald\u0131r\u0131larak silme i\u015flemi yap\u0131l\u0131r.<\/p><p>Elektronik Ortamda Yer Alan Ki\u015fisel<\/p><p>Veriler\u00a0\u00a0\u00a0\u00a0\u00a0\u00a0\u00a0\u00a0\u00a0\u00a0\u00a0\u00a0\u00a0\u00a0\u00a0\u00a0\u00a0\u00a0\u00a0\u00a0\u00a0\u00a0\u00a0\u00a0\u00a0\u00a0\u00a0\u00a0\u00a0\u00a0\u00a0\u00a0\u00a0\u00a0\u00a0\u00a0\u00a0\u00a0\u00a0\u00a0\u00a0\u00a0\u00a0\u00a0\u00a0\u00a0\u00a0\u00a0\u00a0\u00a0\u00a0\u00a0\u00a0\u00a0\u00a0\u00a0\u00a0\u00a0\u00a0 :Elektronik ortamda yer alan ki\u015fisel verilerden saklanmas\u0131n\u0131 gerektiren s\u00fcre sona erenler, veritaban\u0131 y\u00f6neticisi hari\u00e7 di\u011fer \u00e7al\u0131\u015fanlar (ilgili kullan\u0131c\u0131lar) i\u00e7in hi\u00e7bir \u015fekilde eri\u015filemez ve tekrar kullan\u0131lamaz hale getirilir.<\/p><p>Fiziksel Ortamda yer Alan Ki\u015fisel<\/p><p>Veriler\u00a0\u00a0\u00a0\u00a0\u00a0\u00a0\u00a0\u00a0\u00a0\u00a0\u00a0\u00a0\u00a0\u00a0\u00a0\u00a0\u00a0\u00a0\u00a0\u00a0\u00a0\u00a0\u00a0\u00a0\u00a0\u00a0\u00a0\u00a0\u00a0\u00a0\u00a0\u00a0\u00a0\u00a0\u00a0\u00a0\u00a0\u00a0\u00a0\u00a0\u00a0\u00a0\u00a0\u00a0\u00a0\u00a0\u00a0\u00a0\u00a0\u00a0\u00a0\u00a0\u00a0\u00a0\u00a0\u00a0\u00a0\u00a0\u00a0 :Fiziksel ortamda tutulan ki\u015fisel verilerden saklanmas\u0131n\u0131 gerektiren s\u00fcre sona erenler i\u00e7in evrak ar\u015fivinden sorumlu birim y\u00f6neticisi hari\u00e7 di\u011fer \u00e7al\u0131\u015fanlar i\u00e7in hi\u00e7bir \u015fekilde eri\u015filemez ve tekrar kullan\u0131lamaz hale getirilir. Ayr\u0131ca, \u00fczeri okunamayacak \u015fekilde \u00e7izilerek\/boyanarak\/silinerek karartma i\u015flemi de uygulan\u0131r.<\/p><p>Ta\u015f\u0131nabilir Medyada Bulunan Ki\u015fisel<\/p><p>Veriler\u00a0\u00a0\u00a0\u00a0\u00a0\u00a0\u00a0\u00a0\u00a0\u00a0\u00a0\u00a0\u00a0\u00a0\u00a0\u00a0\u00a0\u00a0\u00a0\u00a0\u00a0\u00a0\u00a0\u00a0\u00a0\u00a0\u00a0\u00a0\u00a0\u00a0\u00a0\u00a0\u00a0\u00a0\u00a0\u00a0\u00a0\u00a0\u00a0\u00a0\u00a0\u00a0\u00a0\u00a0\u00a0\u00a0\u00a0\u00a0\u00a0\u00a0\u00a0\u00a0\u00a0\u00a0\u00a0\u00a0\u00a0\u00a0\u00a0 :Flash tabanl\u0131 saklama ortamlar\u0131nda tutulan ki\u015fisel verilerden saklanmas\u0131n\u0131 gerektiren s\u00fcre sona erenler, sistem y\u00f6neticisi taraf\u0131ndan \u015fifrelenerek ve eri\u015fim yetkisi sadece sistem y\u00f6neticisine verilerek \u015fifreleme anahtarlar\u0131yla g\u00fcvenli ortamlarda saklan\u0131r.<\/p><p>\u00a0<\/p><p>3.2.1.2 Yok Etme Y\u00f6ntemleri<\/p><p>Fiziksel Ortamda Yer Alan Ki\u015fisel<\/p><p>Veriler\u00a0\u00a0\u00a0\u00a0\u00a0\u00a0\u00a0\u00a0\u00a0\u00a0\u00a0\u00a0\u00a0\u00a0\u00a0\u00a0\u00a0\u00a0\u00a0\u00a0\u00a0\u00a0\u00a0\u00a0\u00a0\u00a0\u00a0\u00a0\u00a0\u00a0\u00a0\u00a0\u00a0\u00a0\u00a0\u00a0\u00a0\u00a0\u00a0\u00a0\u00a0\u00a0\u00a0\u00a0\u00a0\u00a0\u00a0 :Ka\u011f\u0131t ortam\u0131nda yer alan ki\u015fisel verilerden saklanmas\u0131n\u0131 gerektiren s\u00fcre sona erenler, ka\u011f\u0131t k\u0131rpma makinelerinde geri d\u00f6nd\u00fcr\u00fclemeyecek \u015fekilde yok edilir.<\/p><p>Optik\/Manyetik Medyada Yer Alan<\/p><p>Ki\u015fisel Veriler\u00a0\u00a0\u00a0\u00a0\u00a0\u00a0\u00a0\u00a0\u00a0\u00a0\u00a0\u00a0\u00a0\u00a0\u00a0\u00a0\u00a0\u00a0\u00a0\u00a0\u00a0\u00a0\u00a0\u00a0\u00a0\u00a0\u00a0\u00a0\u00a0\u00a0\u00a0\u00a0\u00a0\u00a0\u00a0 :Optik medya ve manyetik medyada yer alan ki\u015fisel verilerden saklanmas\u0131n\u0131 gerektiren s\u00fcre sona erenlerin eritilmesi, yak\u0131lmas\u0131 veya toz haline getirilmesi gibi fiziksel olarak yok edilmesi i\u015flemi uygulan\u0131r. Ayr\u0131ca, manyetik medya \u00f6zel bir cihazdan ge\u00e7irilerek y\u00fcksek de\u011ferde manyetik alana maruz b\u0131rak\u0131lmas\u0131 suretiyle \u00fczerindeki veriler okunamaz hale getirilir.<\/p><p>3.2.1.3. Anonimle\u015ftirme Y\u00f6ntemleri<\/p><p>Ki\u015fisel verilerin anonim hale getirilmesi, ki\u015fisel verilerin ba\u015fka verilerle e\u015fle\u015ftirilse dahi hi\u00e7bir surette kimli\u011fi belirli veya belirlenebilir bir ger\u00e7ek ki\u015fiyle ili\u015fkilendirilemeyecek h\u00e2le getirilmesidir.<\/p><p>Ki\u015fisel verilerin anonim hale getirilmi\u015f olmas\u0131 i\u00e7in; ki\u015fisel verilerin, veri sorumlusu veya \u00fc\u00e7\u00fcnc\u00fc ki\u015filer taraf\u0131ndan geri d\u00f6nd\u00fcr\u00fclmesi ve\/veya verilerin ba\u015fka verilerle e\u015fle\u015ftirilmesi gibi kay\u0131t ortam\u0131 ve ilgili faaliyet alan\u0131 a\u00e7\u0131s\u0131ndan uygun tekniklerin kullan\u0131lmas\u0131 yoluyla dahi kimli\u011fi belirli veya belirlenebilir bir ger\u00e7ek ki\u015fiyle ili\u015fkilendirilemez hale getirilmesi gerekir.<\/p><p>3.3. SAKLAMA VE \u0130MHA S\u00dcRELER\u0130<\/p><p>3.3.1. Saklama S\u00fcreleri<\/p><table><tbody><tr><td><p><strong>VER\u0130 SAH\u0130B\u0130<\/strong><\/p><\/td><td><p><strong>VER\u0130 KATEGOR\u0130S\u0130<\/strong><\/p><\/td><td><p><strong>VER\u0130 SAKLAMA S\u00dcRES\u0130<\/strong><\/p><\/td><\/tr><tr><td><p>\u00c7al\u0131\u015fan<\/p><\/td><td><p>\u0130\u015fe al\u0131m evraklar\u0131 ile Sosyal G\u00fcvenlik Kurumuna ger\u00e7ekle\u015ftirilen; hizmet s\u00fcresine ve \u00fccrete dair bildirimlere esas \u00f6zl\u00fck verileri<\/p><\/td><td><p>Hizmet akdinin devam\u0131nda ve hitam\u0131ndan itibaren de 50 (Elli) y\u0131l m\u00fcddetle muhafaza edilir.<\/p><\/td><\/tr><tr><td><p>\u00c7al\u0131\u015fan<\/p><\/td><td><p>\u0130\u015fe al\u0131m evraklar\u0131 ile Sosyal G\u00fcvenlik Kurumuna ger\u00e7ekle\u015ftirilen; hizmet s\u00fcresine ve \u00fccrete dair bildirimlere esas \u00f6zl\u00fck verileri d\u0131\u015f\u0131nda kalan \u00f6zl\u00fck verileri<\/p><\/td><td><p>Hizmet akdinin devam\u0131nda ve hitam\u0131n\u0131 takip eden takvim y\u0131l\u0131 y\u0131lba\u015f\u0131ndan itibaren de 10 (On) y\u0131l m\u00fcddetle muhafaza edilir.<\/p><\/td><\/tr><tr><td><p>\u00c7al\u0131\u015fan<\/p><\/td><td><p>\u0130\u015fyeri Ki\u015fisel Sa\u011fl\u0131k Dosyas\u0131 \u0130\u00e7eri\u011findeki Veriler<\/p><\/td><td><p>Hizmet akdinin devam\u0131nda ve hitam\u0131ndan itibaren 30 (Otuz) y\u0131l m\u00fcddetle muhafaza edilir.<\/p><\/td><\/tr><tr><td><p>\u0130\u015f Orta\u011f\u0131\/\u00c7\u00f6z\u00fcm Orta\u011f\u0131\/Dan\u0131\u015fman<\/p><\/td><td><p>\u0130\u015f Orta\u011f\u0131\/\u00c7\u00f6z\u00fcm Orta\u011f\u0131\/Dan\u0131\u015fman ile <strong>PROMAR GIDA<\/strong> aras\u0131ndaki ticari ili\u015fkinin y\u00fcr\u00fct\u00fcm\u00fcne dair kimlik bilgisi, ileti\u015fim bilgisi, finansal bilgiler, telefon aramalar\u0131nda al\u0131nan ses kay\u0131tlar\u0131, \u0130\u015f Orta\u011f\u0131\/\u00c7\u00f6z\u00fcm Orta\u011f\u0131\/Dan\u0131\u015fman \u00e7al\u0131\u015fan\u0131 verileri<\/p><\/td><td><p>\u0130\u015f Orta\u011f\u0131\/\u00c7\u00f6z\u00fcm Orta\u011f\u0131\/Dan\u0131\u015fman\u0131n, <strong>PROMAR GIDA<\/strong> ile olan i\u015f\/ticari ili\u015fkisi s\u00fcresince ve sona ermesinden itibaren T\u00fcrk Bor\u00e7lar Kanunu md.146 ile T\u00fcrk Ticaret Kanunu md.82 uyar\u0131nca 10 y\u0131l s\u00fcre ile saklan\u0131r.<\/p><\/td><\/tr><tr><td><p>Ziyaret\u00e7i<\/p><\/td><td><p><strong>PROMAR GIDA<\/strong> &#8216;ya ait fiziki mekana giri\u015fte al\u0131nan Ziyaret\u00e7i&#8217;ye ait ad, soyad, T.C.K.N., ara\u00e7 plakas\u0131 ile\u00a0 kamera kay\u0131tlar\u0131, telefon aramalar\u0131nda al\u0131nan ses kay\u0131tlar\u0131<\/p><\/td><td><p>2 (iki) y\u0131l s\u00fcre ile saklan\u0131r.<\/p><\/td><\/tr><tr><td><p>\u0130nternet Sitesi Ziyaret\u00e7isi<\/p><\/td><td><p>\u0130nternet Sitesi Ziyaret\u00e7isi&#8217;ne ait ad, soyad, e-posta adresi, gezinme hareketleri bilgileri<\/p><\/td><td><p>2 (iki) y\u0131l s\u00fcre ile saklan\u0131r.<\/p><\/td><\/tr><tr><td><p>\u00c7al\u0131\u015fan Aday\u0131<\/p><\/td><td><p>\u00c7al\u0131\u015fan Aday\u0131na ait \u00f6zge\u00e7mi\u015f ve i\u015fe ba\u015fvuru formunda yer alan bilgiler<\/p><\/td><td><p>En fazla 2 (iki) y\u0131l olmak \u00fczere \u00f6zge\u00e7mi\u015fin g\u00fcncelli\u011fini kaybedece\u011fi s\u00fcre kadar saklan\u0131r.<\/p><\/td><\/tr><tr><td><p>Stajyer(\u00f6\u011frenci)<\/p><\/td><td><p>Stajyer&#8217;e ait staj dosyas\u0131nda yer alan bilgiler<\/p><\/td><td><p>Staj ili\u015fkisinin devam\u0131nda ve hitam\u0131n\u0131 takip eden takvim y\u0131l\u0131 y\u0131lba\u015f\u0131ndan itibaren de 10 (on) y\u0131l m\u00fcddetle muhafaza edilir.<\/p><\/td><\/tr><tr><td><p>M\u00fc\u015fteri<\/p><\/td><td><p>M\u00fc\u015fteri&#8217;ye ait ad, soyad, T.C.K.N., ileti\u015fim bilgileri, \u00f6deme bilgileri ve y\u00f6ntemleri, gezinme hareketleri bilgileri,\u00a0 telefon aramalar\u0131nda al\u0131nan ses kay\u0131tlar\u0131, \u00fcr\u00fcn\/hizmet tercihleri, i\u015flem ge\u00e7mi\u015fi, \u00f6zel g\u00fcn bilgileri<\/p><\/td><td><p>M\u00fc\u015fteri&#8217;nin, sat\u0131n alm\u0131\u015f oldu\u011fu her bir \u00fcr\u00fcn\/hizmetin sunulmas\u0131ndan itibaren T\u00fcrk Bor\u00e7lar Kanunu md.146 ile T\u00fcrk Ticaret Kanunu md.82 uyar\u0131nca 10 y\u0131l s\u00fcre ile saklan\u0131r.<\/p><\/td><\/tr><tr><td><p>M\u00fc\u015fteri<\/p><\/td><td><p>Kamera g\u00f6r\u00fcnt\u00fcleri, ara\u00e7 plaka bilgisi<\/p><\/td><td><p>\u00a02 y\u0131l s\u00fcre ile saklan\u0131r.<\/p><\/td><\/tr><tr><td><p>Potansiyel M\u00fc\u015fteri<\/p><\/td><td><p>Potansiyel M\u00fc\u015fteri ile <strong>PROMAR GIDA<\/strong> aras\u0131ndaki ticari ili\u015fki kurulmas\u0131na dair s\u00f6zle\u015fme g\u00f6r\u00fc\u015fmeleri s\u0131ras\u0131nda al\u0131nan kimlik bilgisi, ileti\u015fim bilgisi, finansal bilgiler, telefon aramalar\u0131nda al\u0131nan ses kay\u0131tlar\u0131<\/p><\/td><td><p>2 y\u0131l s\u00fcre ile saklan\u0131r.<\/p><\/td><\/tr><tr><td><p><strong>PROMAR GIDA<\/strong>\u2019n\u0131n \u0130\u015fbirli\u011fi \u0130\u00e7inde Oldu\u011fu Kurum\/Firmalar\u00a0 (Tedarik\u00e7i, Fason \u00dcretici, Bayi\/Franchise<\/p><\/td><td><p><strong>PROMAR GIDA<\/strong>\u2019n\u0131n \u0130\u015fbirli\u011fi \u0130\u00e7inde Oldu\u011fu Kurum\/Firmalar ile <strong>PROMAR GIDA<\/strong>. aras\u0131ndaki ticari ili\u015fkinin y\u00fcr\u00fct\u00fcm\u00fcne dair kimlik bilgisi, ileti\u015fim bilgisi, finansal bilgiler, telefon aramalar\u0131nda al\u0131nan ses kay\u0131tlar\u0131, <strong>PROMAR GIDA<\/strong>\u2019n\u0131n \u0130\u015fbirli\u011fi \u0130\u00e7inde Oldu\u011fu Kurum\/Firma \u00e7al\u0131\u015fan\u0131 verileri<\/p><\/td><td><p><strong>PROMAR GIDA<\/strong>\u2019n\u0131n \u0130\u015fbirli\u011fi \u0130\u00e7inde Oldu\u011fu Kurum\/Firmalar\u0131n, <strong>PROMAR GIDA<\/strong> ile olan i\u015f\/ticari ili\u015fkisi s\u00fcresince ve sona ermesinden itibaren T\u00fcrk Bor\u00e7lar Kanunu md.146 ile T\u00fcrk Ticaret Kanunu md.82 uyar\u0131nca 10 y\u0131l s\u00fcre ile saklan\u0131r.<\/p><\/td><\/tr><\/tbody><\/table><p>*\u00a0\u00a0\u00a0\u00a0\u00a0\u00a0\u00a0\u00a0\u00a0 Mevzuat uyar\u0131nca daha uzun bir s\u00fcre d\u00fczenlenmi\u015f olmas\u0131 ya da mevzuat uyar\u0131nca zamana\u015f\u0131m\u0131, hak d\u00fc\u015f\u00fcr\u00fcc\u00fc s\u00fcre, saklama s\u00fcreleri vb. i\u00e7in daha uzun bir s\u00fcre \u00f6ng\u00f6r\u00fclm\u00fc\u015f olmas\u0131 halinde, mevzuat h\u00fck\u00fcmlerindeki s\u00fcreler azami saklama s\u00fcresi olarak kabul edilir.<\/p><p>3.3.2.\u00a0\u00a0 \u0130mha S\u00fcreleri<\/p><p><strong>PROMAR GIDA<\/strong>, Kanun, ilgili mevzuat, Ki\u015fisel Verilerin \u0130\u015flenmesi ve Korunmas\u0131 Politikas\u0131 ve i\u015fbu Ki\u015fisel Verileri Saklama ve \u0130mha Politikas\u0131 uyar\u0131nca sorumlu oldu\u011fu ki\u015fisel verileri silme, yok etme veya anonim hale getirme y\u00fck\u00fcml\u00fcl\u00fc\u011f\u00fcn\u00fcn ortaya \u00e7\u0131kt\u0131\u011f\u0131 tarihi takip eden ilk periyodik imha i\u015fleminde, ki\u015fisel verileri siler, yok eder veya anonim hale getirir.<\/p><p>\u0130lgili ki\u015fi, Kanunun 13\u2019nc\u00fc maddesine istinaden <strong>PROMAR GIDA<\/strong>\u2019ya ba\u015fvurarak kendisine ait ki\u015fisel verilerin silinmesini veya yok edilmesini talep etti\u011finde;<\/p><ol><li>Ki\u015fisel verileri i\u015fleme \u015fartlar\u0131n\u0131n tamam\u0131 ortadan kalkm\u0131\u015fsa; <strong>PROMAR GIDA<\/strong> talebe konu ki\u015fisel verileri talebi ald\u0131\u011f\u0131 g\u00fcnden itibaren 30 (otuz) g\u00fcn i\u00e7inde gerek\u00e7esini a\u00e7\u0131klayarak uygun imha y\u00f6ntemi ile siler, yok eder veya anonim hale getirir. \u00a0<strong>PROMAR GIDA<\/strong>\u2019n\u0131n talebi alm\u0131\u015f say\u0131lmas\u0131 i\u00e7in ilgili ki\u015finin talebini Ki\u015fisel Verilerin \u0130\u015flenmesi ve Korunmas\u0131 Politikas\u0131na uygun olarak yapm\u0131\u015f olmas\u0131 gerekir. <strong>PROMAR GIDA<\/strong> her halde yap\u0131lan i\u015flemle ilgili ilgili ki\u015fiye bilgi verir.<br \/>\u00a0<\/li><li>Ki\u015fisel verileri i\u015fleme \u015fartlar\u0131n\u0131n tamam\u0131 ortadan kalkmam\u0131\u015fsa, bu talep <strong>PROMAR GIDA<\/strong> taraf\u0131ndan Kanunun 13\u2019nc\u00fc maddesinin \u00fc\u00e7\u00fcnc\u00fc f\u0131kras\u0131 uyar\u0131nca gerek\u00e7esi a\u00e7\u0131klanarak reddedilebilir ve ret cevab\u0131 ilgili ki\u015fiye en ge\u00e7 otuz g\u00fcn i\u00e7inde yaz\u0131l\u0131 olarak ya da elektronik ortamda bildirilir.<\/li><\/ol><p>3.4. PER\u0130YOD\u0130K \u0130MHA<\/p><p>Kanunda yer alan ki\u015fisel verilerin i\u015flenme \u015fartlar\u0131n\u0131n tamam\u0131n\u0131n ortadan kalkmas\u0131 durumunda; <strong>PROMAR GIDA<\/strong> i\u015fleme \u015fartlar\u0131 ortadan kalkm\u0131\u015f olan ki\u015fisel verileri i\u015fbu Ki\u015fisel Verileri Saklama ve \u0130mha Politikas\u0131nda belirtilen ve tekrar eden aral\u0131klarla re\u2019sen ger\u00e7ekle\u015ftirilecek bir i\u015flemle siler, yok eder veya anonim hale getirir.<\/p><p>Periyodik imha s\u00fcresi \u00a06 (alt\u0131) ay olarak belirlenmi\u015ftir.<\/p><p>3.5. \u0130MHA \u0130\u015eLEM\u0130N\u0130N HUKUKA UYGUNLU\u011eUNUN DENET\u0130M\u0130<\/p><p><strong>PROMAR GIDA<\/strong> gerek talep \u00fczerine gerekse periyodik imha s\u00fcre\u00e7lerinde re\u2019sen ger\u00e7ekle\u015ftirdi\u011fi imha i\u015flemlerini Kanuna, sair mevzuata, Ki\u015fisel Verilerin \u0130\u015flenmesi ve Korunmas\u0131 Politikas\u0131na ve i\u015fbu Ki\u015fisel Veri Saklama ve \u0130mha Politikas\u0131na uygun olarak yapar.<\/p><p><strong>PROMAR GIDA<\/strong>, imha i\u015flemlerinin bu d\u00fczenlemelere uygun olarak yap\u0131ld\u0131\u011f\u0131n\u0131 temin etmek amac\u0131yla bir tak\u0131m idari ve teknik tedbirler almaktad\u0131r.<\/p><p>3.5.1. Teknik Tedbirler<\/p><ul><li><strong>PROMAR GIDA<\/strong> i\u015fbu politikada yer alan her bir imha y\u00f6ntemine uygun teknik ara\u00e7 ve ekipman bulundurur.<\/li><li><strong>PROMAR GIDA<\/strong> imha i\u015flemlerinin yap\u0131ld\u0131\u011f\u0131 yerin g\u00fcvenli\u011fini sa\u011flar.<\/li><li><strong>PROMAR GIDA<\/strong> imha i\u015flemini yapan ki\u015filerin eri\u015fim kay\u0131tlar\u0131n\u0131 tutar.<\/li><li><strong>PROMAR GIDA<\/strong> imha i\u015flemini yapacak yetkin ve tecr\u00fcbeli elemanlar istihdam eder ya da gerekti\u011finde yetkin \u00fc\u00e7\u00fcnc\u00fc ki\u015filerden hizmet al\u0131r.<\/li><\/ul><p>3.5.2. \u0130dari Tedbirler<\/p><ul><li><strong>PROMAR GIDA<\/strong>, imha i\u015flemini yapacak \u00e7al\u0131\u015fanlar\u0131n\u0131n bilgi g\u00fcvenli\u011fi, ki\u015fisel veriler ve \u00f6zel hayat\u0131n gizlili\u011fi konular\u0131nda fark\u0131ndal\u0131klar\u0131n\u0131n art\u0131r\u0131lmas\u0131 ve bilin\u00e7lendirilmesi i\u00e7in \u00e7al\u0131\u015fmalar yapar.<\/li><li><strong>PROMAR GIDA<\/strong> bilgi g\u00fcvenli\u011fi, \u00f6zel hayat\u0131n gizlili\u011fi, ki\u015fisel verilerin korunmas\u0131 ve g\u00fcvenli imha teknikleri alan\u0131ndaki geli\u015fmeleri takip etmek ve gerekli aksiyonlar\u0131 almak \u00fczere hukuki ve teknik dan\u0131\u015fmanl\u0131k hizmeti al\u0131r.<\/li><li><strong>PROMAR GIDA<\/strong> teknik ya da hukuki gereklilikler nedeniyle imha i\u015flemini \u00fc\u00e7\u00fcnc\u00fc ki\u015filere yapt\u0131rd\u0131\u011f\u0131 durumlarda ilgili \u00fc\u00e7\u00fcnc\u00fc ki\u015filerle ki\u015fisel verilerin korunmas\u0131 amac\u0131yla protokoller imzalar, ilgili \u00fc\u00e7\u00fcnc\u00fc ki\u015filerin bu protokollerdeki y\u00fck\u00fcml\u00fcl\u00fcklerine uymas\u0131 i\u00e7in gerekli t\u00fcm \u00f6zeni g\u00f6sterir.<\/li><li><strong>PROMAR GIDA<\/strong> imha i\u015flemlerinin hukuka ve i\u015fbu Ki\u015fisel Veri Saklama ve \u0130mha Politikas\u0131nda belirtilen \u015fart ve y\u00fck\u00fcml\u00fcl\u00fcklere uygun olarak yap\u0131l\u0131p yap\u0131lmad\u0131\u011f\u0131n\u0131 d\u00fczenli olarak denetler, gereken aksiyonlar\u0131 al\u0131r.<\/li><li><strong>PROMAR GIDA<\/strong> ki\u015fisel verilerin silinmesi, yok edilmesi ve anonim hale getirilmesiyle ilgili yap\u0131lan b\u00fct\u00fcn i\u015flemleri kay\u0131t alt\u0131na al\u0131r ve s\u00f6z konusu kay\u0131tlar\u0131, di\u011fer hukuki y\u00fck\u00fcml\u00fcl\u00fckler hari\u00e7 olmak \u00fczere en az \u00fc\u00e7 y\u0131l s\u00fcreyle saklar.<\/li><\/ul><p>\u00a0<\/p><p><u>4.B\u00d6L\u00dcM: K\u0130\u015e\u0130SEL VER\u0130 KOM\u0130TES\u0130<\/u><\/p><p>\u00a0<\/p><p><strong>PROMAR GIDA<\/strong> b\u00fcnyesinde bir Ki\u015fisel Veri Komitesi kurar. Ki\u015fisel Veri Komitesi, ilgili ki\u015filerin verilerin hukuka, Ki\u015fisel Verilerin \u0130\u015flenmesi ve Korunmas\u0131 Politikas\u0131na ve Ki\u015fisel Veri Saklama ve \u0130mha Politikas\u0131\u2019na uygun olarak saklanmas\u0131 ve i\u015flenmesi i\u00e7in gerekli i\u015flemleri yapmak\/yapt\u0131rmak ve s\u00fcre\u00e7leri denetlemekle yetkili ve g\u00f6revlidir.<\/p><p>\u00a0<\/p><p>Ki\u015fisel Veri Komitesi, bir y\u00f6netici, bir idari uzman ve bir teknik uzman olmak \u00fczere \u00fc\u00e7 ki\u015fiden olu\u015fur. Ki\u015fisel Veri Komitesinde g\u00f6revli <strong>PROMAR GIDA<\/strong> personelinin \u00fcnvanlar\u0131 ve g\u00f6rev tan\u0131mlar\u0131 a\u015fa\u011f\u0131da belirtilmi\u015ftir:<\/p><p>\u00a0<\/p><p>Ki\u015fisel Veri Komitesi Y\u00f6neticisi\u00a0\u00a0\u00a0\u00a0\u00a0\u00a0 :Kanuna uyumluluk s\u00fcrecinde y\u00fcr\u00fct\u00fclen projelerde her t\u00fcrl\u00fc planlama, analiz, ara\u015ft\u0131rma, risk belirleme \u00e7al\u0131\u015fmalar\u0131n\u0131 y\u00f6nlendirmek; Kanun, Ki\u015fisel Verilerin \u0130\u015flenmesi ve Korunmas\u0131 Politikas\u0131 ve Ki\u015fisel Veri Saklama ve \u0130mha Politikas\u0131 uyar\u0131nca y\u00fcr\u00fct\u00fclmesi gereken s\u00fcre\u00e7leri y\u00f6netmek ve ilgili ki\u015filerce gelen talepleri karara ba\u011flamakla y\u00fck\u00fcml\u00fcd\u00fcr.<\/p><p>\u00a0<\/p><p>KVK Uzman\u0131 (Teknik ve \u0130dari)\u00a0\u00a0\u00a0\u00a0\u00a0\u00a0\u00a0 :\u0130lgili ki\u015filerin taleplerinin incelenmesi ve de\u011ferlendirilmek \u00fczere Ki\u015fisel Veri Komitesi Y\u00f6neticisine raporlanmas\u0131ndan; Ki\u015fisel Veri Komitesi Y\u00f6neticisi taraf\u0131ndan de\u011ferlendirilen ve karara ba\u011flanan ilgili ki\u015fi taleplerine ili\u015fkin i\u015flemlerin Ki\u015fisel Veri Komitesi Y\u00f6neticisinin karar\u0131 uyar\u0131nca yerine getirilmesinden; saklama ve imha s\u00fcre\u00e7lerinin denetiminin yap\u0131lmas\u0131ndan ve bu denetimlerin Ki\u015fisel Veri Komitesi Y\u00f6neticisine raporlanmas\u0131ndan; saklama ve imha s\u00fcre\u00e7lerinin y\u00fcr\u00fct\u00fclmesinden sorumludur.<\/p><p>\u00a0<\/p><p><u>5.B\u00d6L\u00dcM: POL\u0130T\u0130KANIN YAYINLANMASI VE SAKLANMASI<\/u><\/p><p>Politika, \u0131slak imzal\u0131 (bas\u0131l\u0131 ka\u011f\u0131t) ve elektronik ortamda olmak \u00fczere iki farkl\u0131 ortamda yay\u0131mlan\u0131r, internet sayfas\u0131nda kamuya a\u00e7\u0131klan\u0131r. Bas\u0131l\u0131 ka\u011f\u0131t n\u00fcshas\u0131 da <strong>PROMAR GIDA<\/strong>\u2019da saklan\u0131r.<\/p><ol start=\"6\"><li><u> B\u00d6L\u00dcM: G\u00dcNCELLEME VE UYUM<\/u><\/li><\/ol><p><strong>PROMAR GIDA<\/strong> Kanunda yap\u0131lan de\u011fi\u015fiklikler nedeniyle, \u015firket kararlar\u0131 uyar\u0131nca ya da sekt\u00f6rdeki ya da bili\u015fim alan\u0131ndaki geli\u015fmeler do\u011frultusunda Ki\u015fisel Verilerin \u0130\u015flenmesi ve Korunmas\u0131 Politikas\u0131nda ya da i\u015fbu Ki\u015fisel Veri Saklama ve \u0130mha Politikas\u0131nda de\u011fi\u015fiklik yapma hakk\u0131n\u0131 sakl\u0131 tutar.<\/p><p>\u0130\u015fbu Ki\u015fisel Veri Saklama ve \u0130mha Politikas\u0131nda yap\u0131lan de\u011fi\u015fiklikler derhal metne i\u015flenir ve de\u011fi\u015fikliklere ili\u015fkin a\u00e7\u0131klamalar politikan\u0131n sonunda a\u00e7\u0131klan\u0131r.<\/p><p>\u00a0<\/p><p><u>7.B\u00d6L\u00dcM: POL\u0130T\u0130KANIN Y\u00dcR\u00dcRL\u00dc\u011e\u00dc <\/u><\/p><p>Politika, <strong>PROMAR GIDA<\/strong>\u2019n\u0131n internet sitesinde yay\u0131nlanmas\u0131n\u0131n ard\u0131ndan y\u00fcr\u00fcrl\u00fc\u011fe girmi\u015f kabul edilir.<\/p>\t\t\t\t\t\t<\/div>\n\t\t\t\t<\/div>\n\t\t\t\t\t<\/div>\n\t\t<\/div>\n\t\t\t\t\t\t\t<\/div>\n\t\t<\/section>\n\t\t\t\t\t\t\t<\/div>","protected":false},"excerpt":{"rendered":"<p>KVKK Ki\u015fisel Verilerin Korunmas\u0131 ve \u0130\u015flenmesi Bilgilendirme Metni Ki\u015fisel Verilerin \u0130\u015flenmesi ve Korunmas\u0131 Politikas\u0131 Ki\u015fisel Veri Saklama ve \u0130mha Politikas\u0131 KVKK Ba\u015fvuru Formu K\u0130\u015e\u0130SEL VER\u0130 SAKLAMA VE \u0130MHA POL\u0130T\u0130KASI B\u00d6L\u00dcM: SAKLAMA VE \u0130MHA POL\u0130T\u0130KASI&#8217;NIN N\u0130TEL\u0130\u011e\u0130 VE AMACI 1.1. G\u0130R\u0130\u015e \u0130\u015fbu \u201cKi\u015fisel Veri Saklama ve \u0130mha Politikas\u0131\u201d, PROMAR GIDA SANAY\u0130 VE T\u0130CARET A.\u015e (PROMAR GIDA) taraf\u0131ndan [&hellip;]<\/p>","protected":false},"author":1,"featured_media":0,"parent":993,"menu_order":0,"comment_status":"closed","ping_status":"closed","template":"","meta":{"footnotes":""},"class_list":["post-1013","page","type-page","status-publish","hentry"],"blocksy_meta":{"styles_descriptor":{"styles":{"desktop":"","tablet":"","mobile":""},"google_fonts":[],"version":6}},"_links":{"self":[{"href":"https:\/\/proviyumurta.com.tr\/en\/wp-json\/wp\/v2\/pages\/1013","targetHints":{"allow":["GET"]}}],"collection":[{"href":"https:\/\/proviyumurta.com.tr\/en\/wp-json\/wp\/v2\/pages"}],"about":[{"href":"https:\/\/proviyumurta.com.tr\/en\/wp-json\/wp\/v2\/types\/page"}],"author":[{"embeddable":true,"href":"https:\/\/proviyumurta.com.tr\/en\/wp-json\/wp\/v2\/users\/1"}],"replies":[{"embeddable":true,"href":"https:\/\/proviyumurta.com.tr\/en\/wp-json\/wp\/v2\/comments?post=1013"}],"version-history":[{"count":17,"href":"https:\/\/proviyumurta.com.tr\/en\/wp-json\/wp\/v2\/pages\/1013\/revisions"}],"predecessor-version":[{"id":1080,"href":"https:\/\/proviyumurta.com.tr\/en\/wp-json\/wp\/v2\/pages\/1013\/revisions\/1080"}],"up":[{"embeddable":true,"href":"https:\/\/proviyumurta.com.tr\/en\/wp-json\/wp\/v2\/pages\/993"}],"wp:attachment":[{"href":"https:\/\/proviyumurta.com.tr\/en\/wp-json\/wp\/v2\/media?parent=1013"}],"curies":[{"name":"wp","href":"https:\/\/api.w.org\/{rel}","templated":true}]}}